{"version":"1.0","provider_name":"L\u2019humanitaire dans tous ses \u00e9tats","provider_url":"https:\/\/blogs.icrc.org\/hdtse","author_name":"fjoli","author_url":"https:\/\/blogs.icrc.org\/hdtse\/author\/fjoli\/","title":"Humanitaire : le tournant de la Premi\u00e8re guerre mondiale","type":"rich","width":600,"height":338,"html":"<blockquote class=\"wp-embedded-content\" data-secret=\"M6og1iZ4qQ\"><a href=\"https:\/\/blogs.icrc.org\/hdtse\/2021\/11\/12\/humanitaire-le-tournant-de-la-premiere-guerre-mondiale\/\">Humanitaire : le tournant de la Premi\u00e8re guerre mondiale<\/a><\/blockquote><iframe sandbox=\"allow-scripts\" security=\"restricted\" src=\"https:\/\/blogs.icrc.org\/hdtse\/2021\/11\/12\/humanitaire-le-tournant-de-la-premiere-guerre-mondiale\/embed\/#?secret=M6og1iZ4qQ\" width=\"600\" height=\"338\" title=\"\u00ab\u00a0Humanitaire : le tournant de la Premi\u00e8re guerre mondiale\u00a0\u00bb &#8212; L\u2019humanitaire dans tous ses \u00e9tats\" data-secret=\"M6og1iZ4qQ\" frameborder=\"0\" marginwidth=\"0\" marginheight=\"0\" scrolling=\"no\" class=\"wp-embedded-content\"><\/iframe><script type=\"text\/javascript\">\n\/* <![CDATA[ *\/\n\/*! This file is auto-generated *\/\n!function(d,l){\"use strict\";l.querySelector&&d.addEventListener&&\"undefined\"!=typeof URL&&(d.wp=d.wp||{},d.wp.receiveEmbedMessage||(d.wp.receiveEmbedMessage=function(e){var t=e.data;if((t||t.secret||t.message||t.value)&&!\/[^a-zA-Z0-9]\/.test(t.secret)){for(var s,r,n,a=l.querySelectorAll('iframe[data-secret=\"'+t.secret+'\"]'),o=l.querySelectorAll('blockquote[data-secret=\"'+t.secret+'\"]'),c=new RegExp(\"^https?:$\",\"i\"),i=0;i<o.length;i++)o[i].style.display=\"none\";for(i=0;i<a.length;i++)s=a[i],e.source===s.contentWindow&&(s.removeAttribute(\"style\"),\"height\"===t.message?(1e3<(r=parseInt(t.value,10))?r=1e3:~~r<200&&(r=200),s.height=r):\"link\"===t.message&&(r=new URL(s.getAttribute(\"src\")),n=new URL(t.value),c.test(n.protocol))&&n.host===r.host&&l.activeElement===s&&(d.top.location.href=t.value))}},d.addEventListener(\"message\",d.wp.receiveEmbedMessage,!1),l.addEventListener(\"DOMContentLoaded\",function(){for(var e,t,s=l.querySelectorAll(\"iframe.wp-embedded-content\"),r=0;r<s.length;r++)(t=(e=s[r]).getAttribute(\"data-secret\"))||(t=Math.random().toString(36).substring(2,12),e.src+=\"#?secret=\"+t,e.setAttribute(\"data-secret\",t)),e.contentWindow.postMessage({message:\"ready\",secret:t},\"*\")},!1)))}(window,document);\n\/* ]]> *\/\n<\/script>\n","thumbnail_url":"https:\/\/blogs.icrc.org\/hdtse\/wp-content\/uploads\/sites\/113\/2013\/03\/UHH-logo1.jpg","thumbnail_width":639,"thumbnail_height":349,"description":"En ce lendemain de comm\u00e9moration de l\u2019Armistice de 1918, retour sur l\u2019action du CICR et des soci\u00e9t\u00e9s nationales de Croix-Rouge des diff\u00e9rents bellig\u00e9rants. Dans ce troisi\u00e8me \u00e9pisode de la s\u00e9rie \u00ab Une histoire d\u2019Humanit\u00e9 \u00bb, Fran\u00e7ois Bugnion, ancien directeur de la doctrine et du droit du CICR et passionn\u00e9 d\u2019histoire, d\u00e9crit le tournant que fut..."}