{"version":"1.0","provider_name":"L\u2019humanitaire dans tous ses \u00e9tats","provider_url":"https:\/\/blogs.icrc.org\/hdtse","author_name":"fjoli","author_url":"https:\/\/blogs.icrc.org\/hdtse\/author\/fjoli\/","title":"Quand l'esp\u00e9ranto se r\u00eavait langue Croix-Rouge","type":"rich","width":600,"height":338,"html":"<blockquote class=\"wp-embedded-content\" data-secret=\"xiU0xONJtj\"><a href=\"https:\/\/blogs.icrc.org\/hdtse\/2020\/07\/29\/quand-l-esperanto-se-revait-langue-croix-rouge\/\">Quand l&rsquo;esp\u00e9ranto se r\u00eavait langue Croix-Rouge<\/a><\/blockquote><iframe sandbox=\"allow-scripts\" security=\"restricted\" src=\"https:\/\/blogs.icrc.org\/hdtse\/2020\/07\/29\/quand-l-esperanto-se-revait-langue-croix-rouge\/embed\/#?secret=xiU0xONJtj\" width=\"600\" height=\"338\" title=\"\u00ab\u00a0Quand l&rsquo;esp\u00e9ranto se r\u00eavait langue Croix-Rouge\u00a0\u00bb &#8212; L\u2019humanitaire dans tous ses \u00e9tats\" data-secret=\"xiU0xONJtj\" frameborder=\"0\" marginwidth=\"0\" marginheight=\"0\" scrolling=\"no\" class=\"wp-embedded-content\"><\/iframe><script type=\"text\/javascript\">\n\/* <![CDATA[ *\/\n\/*! This file is auto-generated *\/\n!function(d,l){\"use strict\";l.querySelector&&d.addEventListener&&\"undefined\"!=typeof URL&&(d.wp=d.wp||{},d.wp.receiveEmbedMessage||(d.wp.receiveEmbedMessage=function(e){var t=e.data;if((t||t.secret||t.message||t.value)&&!\/[^a-zA-Z0-9]\/.test(t.secret)){for(var s,r,n,a=l.querySelectorAll('iframe[data-secret=\"'+t.secret+'\"]'),o=l.querySelectorAll('blockquote[data-secret=\"'+t.secret+'\"]'),c=new RegExp(\"^https?:$\",\"i\"),i=0;i<o.length;i++)o[i].style.display=\"none\";for(i=0;i<a.length;i++)s=a[i],e.source===s.contentWindow&&(s.removeAttribute(\"style\"),\"height\"===t.message?(1e3<(r=parseInt(t.value,10))?r=1e3:~~r<200&&(r=200),s.height=r):\"link\"===t.message&&(r=new URL(s.getAttribute(\"src\")),n=new URL(t.value),c.test(n.protocol))&&n.host===r.host&&l.activeElement===s&&(d.top.location.href=t.value))}},d.addEventListener(\"message\",d.wp.receiveEmbedMessage,!1),l.addEventListener(\"DOMContentLoaded\",function(){for(var e,t,s=l.querySelectorAll(\"iframe.wp-embedded-content\"),r=0;r<s.length;r++)(t=(e=s[r]).getAttribute(\"data-secret\"))||(t=Math.random().toString(36).substring(2,12),e.src+=\"#?secret=\"+t,e.setAttribute(\"data-secret\",t)),e.contentWindow.postMessage({message:\"ready\",secret:t},\"*\")},!1)))}(window,document);\n\/* ]]> *\/\n<\/script>\n","thumbnail_url":"https:\/\/blogs.icrc.org\/hdtse\/wp-content\/uploads\/sites\/113\/2020\/05\/Kitch-esperanto2.jpg","thumbnail_width":961,"thumbnail_height":557,"description":"Le capitaine Georges Bayol (1871-1914) croyait tant \u00e0 l\u2019esp\u00e9ranto qu\u2019il eut l\u2019id\u00e9e de promouvoir la langue auxiliaire internationale \u00e0 travers toutes les Croix-Rouge de la plan\u00e8te. L\u2019objectif \u00e9tait d\u2019affranchir le personnel soignant de la barri\u00e8re linguistique afin de mieux pouvoir traiter les bless\u00e9s conform\u00e9ment \u00e0 ce que pr\u00e9voyait la Convention de Gen\u00e8ve. \u00ab\u00a0Esperanta por la..."}